{"id":7,"date":"2025-02-25T01:31:00","date_gmt":"2025-02-25T01:31:00","guid":{"rendered":"https:\/\/believecounsel.com\/es\/?page_id=7"},"modified":"2025-09-08T18:20:28","modified_gmt":"2025-09-08T18:20:28","slug":"believe-counsel","status":"publish","type":"page","link":"https:\/\/believecounsel.com\/es\/","title":{"rendered":"Sitio de Ana"},"content":{"rendered":"\n<h1 class=\"wp-block-heading has-text-align-center has-x-large-font-size\">BELIEVE COUNSEL<\/h1>\n\n\n\n<p class=\"has-text-align-center\">Experiencia y especializaci\u00f3n en salud mental familiar, infantil y femenina.<\/p>\n\n\n\n<h2 class=\"wp-block-heading has-text-align-center has-foreground-color has-text-color has-link-color wp-elements-10e73fdb388d9a04b84f4bb13cf3af65\"><mark style=\"background-color:rgba(0, 0, 0, 0)\" class=\"has-inline-color has-custom-strong-accent-color\">C\u00e1lido<\/mark>, respetuoso, <mark style=\"background-color:rgba(0, 0, 0, 0)\" class=\"has-inline-color has-custom-optional-accent-color\">resiliente<\/mark><\/h2>\n\n\n\n<figure class=\"wp-block-image alignwide size-large is-style-default wp-duotone-rgb184224193-ffffff-1\"><img decoding=\"async\" src=\"https:\/\/believecounsel.com\/wp-content\/uploads\/2025\/04\/waves-v3.png\" alt=\"\"\/><\/figure>\n\n\n\n<div style=\"height:15px\" aria-hidden=\"true\" class=\"wp-block-spacer\"><\/div>\n\n\n\n<div class=\"wp-block-columns ticss-d6b3b5df has-secondary-background-color has-background is-layout-flex wp-container-core-columns-is-layout-28f84493 wp-block-columns-is-layout-flex\">\n<div class=\"wp-block-column is-layout-flow wp-block-column-is-layout-flow\" style=\"flex-basis:40%\">\n<h2 class=\"wp-block-heading\" id=\"BOOK\">\u00a1Separa tu C\u00edta Hoy!<\/h2>\n<\/div>\n\n\n\n<div class=\"wp-block-column is-layout-flow wp-block-column-is-layout-flow\" style=\"flex-basis:64%\">\n<div class=\"wp-block-buttons is-content-justification-right is-layout-flex wp-container-core-buttons-is-layout-d445cf74 wp-block-buttons-is-layout-flex\">\n<div class=\"wp-block-button has-custom-width wp-block-button__width-75\"><a class=\"wp-block-button__link wp-element-button\" href=\"https:\/\/www.colib.io\/practice\/ana-medina-psychotherapy-professional-corporation\">SOLICITAR CITA<\/a><\/div>\n<\/div>\n<\/div>\n<\/div>\n\n\n\n<div style=\"height:3px\" aria-hidden=\"true\" class=\"wp-block-spacer\"><\/div>\n\n\n\n<h2 class=\"wp-block-heading\" id=\"ABOUT\" style=\"margin-bottom:0;line-height:1.2\">Conoce a la Dra. Ana Medina<\/h2>\n\n\n\n<h6 class=\"wp-block-heading\" style=\"padding-top:0;padding-bottom:0\">medica psiquiatra, psicoterapeuta y consejera b\u00edblica<\/h6>\n\n\n\n<div class=\"wp-block-columns is-layout-flex wp-container-core-columns-is-layout-12d321f0 wp-block-columns-is-layout-flex\" style=\"margin-top:11px\">\n<div class=\"wp-block-column is-layout-flow wp-block-column-is-layout-flow\" style=\"flex-basis:66.66%\">\n<h6 class=\"wp-block-heading\" style=\"padding-top:0;padding-bottom:0\">Registro Colombia # 52180931<\/h6>\n\n\n\n<!-- Professional verification provided by Psychology Today -->\n<a href=\"https:\/\/www.psychologytoday.com\/profile\/1343002\" class=\"sx-verified-seal\"><\/a>\n<script type=\"text\/javascript\" src=\"https:\/\/member.psychologytoday.com\/verified-seal.js\" data-badge=\"15\" data-id=\"1343002\" data-code=\"aHR0cHM6Ly93d3cucHN5Y2hvbG9neXRvZGF5LmNvbS9hcGkvdmVyaWZpZWQtc2VhbC9zZWFscy8xNS9wcm9maWxlLzEzNDMwMDI\/Y2FsbGJhY2s9c3hjYWxsYmFjaw==\" defer><\/script>\n<!-- End Verification\u00a0-->\n\n\n\n<p>Como una firme defensora de la unidad familiar, Ana celebra sus 25 a\u00f1os de matrimonio, el cumplimiento de su rol como madre y su amor por sus mascotas. Le encanta la jardiner\u00eda y tomar fotograf\u00edas de la naturaleza, con el Lago Ontario como su santuario, que la inspira para la contemplaci\u00f3n y la paz. Con m\u00e1s de medio siglo de experiencia de vida, Ana encarna calidez, sabidur\u00eda y empat\u00eda, fundamentadas en su conexi\u00f3n espiritual con el Dise\u00f1ador Universal. Aborda la terapia con compasi\u00f3n y reverencia.<\/p>\n<\/div>\n\n\n\n<div class=\"wp-block-column is-layout-flow wp-block-column-is-layout-flow\" style=\"flex-basis:33.3%\">\n<figure class=\"wp-block-image aligncenter size-large is-resized is-style-rounded is-style-rounded--2\" style=\"margin-top:var(--wp--preset--spacing--20)\"><img decoding=\"async\" src=\"https:\/\/believecounsel.com\/wp-content\/uploads\/2025\/04\/Ana-Photo-v2.jpg\" alt=\"Foto de Ana\" style=\"aspect-ratio:2\/3;object-fit:cover;width:232px;height:auto\"\/><\/figure>\n\n\n\n<div class=\"wp-block-buttons is-content-justification-right is-layout-flex wp-container-core-buttons-is-layout-d445cf74 wp-block-buttons-is-layout-flex\">\n<div class=\"wp-block-button\"><a class=\"wp-block-button__link has-foreground-color has-secondary-background-color has-text-color has-background has-link-color wp-element-button\" href=\"https:\/\/believecounsel.com\/es\/wp-content\/uploads\/sites\/4\/2025\/09\/2025CVESP.pdf\"><strong>Descarga mi Hoja de Vida<\/strong><\/a><\/div>\n<\/div>\n<\/div>\n<\/div>\n\n\n\n<div style=\"margin-top:0;height:42px\" aria-hidden=\"true\" class=\"wp-block-spacer\"><\/div>\n\n\n\n<h2 class=\"wp-block-heading alignwide ticss-a9017fb9\" id=\"BACKGROUND\">Experiencia<\/h2>\n\n\n\n<div style=\"margin-top:0;height:24px\" aria-hidden=\"true\" class=\"wp-block-spacer\"><\/div>\n\n\n\n<div class=\"wp-block-columns alignwide is-layout-flex wp-container-core-columns-is-layout-8a4b3083 wp-block-columns-is-layout-flex\" style=\"margin-top:0;margin-bottom:0;padding-top:0;padding-right:0;padding-bottom:0;padding-left:0\">\n<div class=\"wp-block-column ticss-009d9984 has-custom-accents-color has-foreground-background-color has-text-color has-background has-link-color wp-elements-96c6f74b2e566acb2d2fa8be27ca6f35 has-global-padding is-layout-constrained wp-container-core-column-is-layout-baaea729 wp-block-column-is-layout-constrained\">\n<div style=\"height:28px\" aria-hidden=\"true\" class=\"wp-block-spacer\"><\/div>\n\n\n\n<h3 class=\"wp-block-heading has-text-align-center has-custom-list-accent-color has-text-color has-link-color wp-elements-750425cd906d81b934724312cb80f658\" style=\"margin-top:0;margin-bottom:0;padding-top:0;padding-right:0;padding-bottom:0;padding-left:0\">Consejer\u00eda<br>B\u00edblica<\/h3>\n\n\n\n<div style=\"height:0px\" aria-hidden=\"true\" class=\"wp-block-spacer\"><\/div>\n\n\n\n<p class=\"has-tertiary-color has-text-color has-link-color wp-elements-2dddc60a6b15d9f006038037dfe67722\">Certificada como Cuidadora B\u00edblica y Consejera por Heritage Seminary &amp; College (2019). Maestr\u00eda en Divinidad y Consejer\u00eda Cl\u00ednica por Tyndale University &amp; Seminary (Toronto, 2024), con \u00e9nfasis en la integraci\u00f3n de la Escritura y las neurociencias.<\/p>\n\n\n\n<div style=\"margin-top:0;height:15px\" aria-hidden=\"true\" class=\"wp-block-spacer\"><\/div>\n<\/div>\n\n\n\n<div class=\"wp-block-column has-custom-accents-color has-foreground-background-color has-text-color has-background has-link-color wp-elements-72594eb3e82a56303f37dcaab3c7f549 has-global-padding is-layout-constrained wp-container-core-column-is-layout-baaea729 wp-block-column-is-layout-constrained\">\n<div style=\"height:28px\" aria-hidden=\"true\" class=\"wp-block-spacer\"><\/div>\n\n\n\n<h3 class=\"wp-block-heading alignwide has-text-align-center ticss-86f8070f has-custom-list-accent-color has-text-color has-link-color wp-elements-6dde5717b73674f086557bc1fd3b28bf\" style=\"margin-top:0;margin-bottom:0;padding-top:0;padding-right:0;padding-bottom:0;padding-left:0\">Psiquiatr\u00eda y Psicoterapia<\/h3>\n\n\n\n<div style=\"height:0px\" aria-hidden=\"true\" class=\"wp-block-spacer\"><\/div>\n\n\n\n<p class=\"has-tertiary-color has-text-color has-link-color wp-elements-7d2735b9b236b538b93b611f942fb45d\" style=\"margin-top:0;margin-bottom:0;padding-top:0;padding-bottom:0\">T\u00edtulos: Especialista en Psiquiatr\u00eda (2002) y en Psiquiatr\u00eda de Ni\u00f1os y Adolescentes (2009), verificados por el Colegio M\u00e9dico Colombiano. Certificada con Fellowship en Psiquiatr\u00eda Infantil y del Adolescente por la Universidad de Toronto.<\/p>\n\n\n\n<div style=\"margin-top:0;margin-bottom:0;height:15px\" aria-hidden=\"true\" class=\"wp-block-spacer\"><\/div>\n<\/div>\n\n\n\n<div class=\"wp-block-column ticss-a7b94fdd has-custom-accents-color has-foreground-background-color has-text-color has-background has-link-color wp-elements-dccebfd64069bc5126c7e68f6e93e9a4 has-global-padding is-layout-constrained wp-container-core-column-is-layout-baaea729 wp-block-column-is-layout-constrained\">\n<div style=\"height:28px\" aria-hidden=\"true\" class=\"wp-block-spacer\"><\/div>\n\n\n\n<h3 class=\"wp-block-heading alignwide has-text-align-center has-custom-list-accent-color has-text-color has-link-color wp-elements-c408e0ec2abf624c13670fd8449429ab\" id=\"SERVICES\" style=\"margin-top:0;margin-right:0;margin-bottom:0;margin-left:0;padding-top:0;padding-right:0;padding-bottom:0;padding-left:0\">Medicina en Colombia<\/h3>\n\n\n\n<div style=\"height:0px\" aria-hidden=\"true\" class=\"wp-block-spacer\"><\/div>\n\n\n\n<p class=\"has-tertiary-color has-text-color has-link-color wp-elements-a33e9247578700b78323da05a007f7e8\">T\u00edtulo: \u201cM\u00e9dica Cirujana\u201d en la Pontificia Universidad Javeriana en Diciembre de 1996. Trabajo actualmente como M\u00e9dica&nbsp;en l\u00ednea para Colombia. Registro activo del Ministerio de Salud y Protecci\u00f3n Social de Colombia desde 1998.<\/p>\n\n\n\n<div style=\"margin-top:0;height:30px\" aria-hidden=\"true\" class=\"wp-block-spacer\"><\/div>\n<\/div>\n<\/div>\n\n\n\n<div style=\"height:14px\" aria-hidden=\"true\" class=\"wp-block-spacer\"><\/div>\n\n\n\n<h2 class=\"wp-block-heading alignwide has-text-align-left ticss-0fb164ca\" id=\"SERVICES\">Mis Servicios<\/h2>\n\n\n\n<div class=\"wp-block-columns alignwide reverse-stack is-layout-flex wp-container-core-columns-is-layout-28f84493 wp-block-columns-is-layout-flex\">\n<div class=\"wp-block-column ticss-6c910730 has-primary-background-color has-background is-layout-flow wp-block-column-is-layout-flow\">\n<div style=\"height:1px\" aria-hidden=\"true\" class=\"wp-block-spacer\"><\/div>\n\n\n\n<h3 class=\"wp-block-heading has-text-align-center\"><strong>Psiquitr\u00eda y Psicoterapia<\/strong><\/h3>\n\n\n\n<ul style=\"margin-right:2.1rem;margin-left:2.1rem\" class=\"wp-block-list\">\n<li>Psiquiatr\u00eda es la especialidad medica para prevenci\u00f3n, diagn\u00f3stico y tratamiento de las enfermedades mentales.<\/li>\n\n\n\n<li>Psicoterapia es la prevenci\u00f3n y tratamiento de malestares emocionales, sin el uso de medicamentos. Se dedica a la ense\u00f1anza de t\u00e9cnicas psicol\u00f3gicas que favorecen el desarrollo personal.<\/li>\n\n\n\n<li>La integraci\u00f3n de los avances cient\u00edficos en salud mental y la Teolog\u00eda Cristiana proporciona un balance integral para el bienestar emocional, cognitivo, relacional y espiritual del ser humano.<\/li>\n\n\n\n<li>Un Psiquiatra y Psicoterapeuta Cristiano tiene la responsabilidad ante Dios de servir con integridad y excelencia.<\/li>\n<\/ul>\n\n\n\n<div style=\"height:15px\" aria-hidden=\"true\" class=\"wp-block-spacer\"><\/div>\n<\/div>\n\n\n\n<div class=\"wp-block-column ticss-753c4b27 has-secondary-background-color has-background is-layout-flow wp-block-column-is-layout-flow\">\n<div style=\"height:1px\" aria-hidden=\"true\" class=\"wp-block-spacer\"><\/div>\n\n\n\n<h3 class=\"wp-block-heading has-text-align-center\"><strong>Consejer\u00eda B\u00edblica<\/strong><\/h3>\n\n\n\n<ul style=\"margin-right:2.1rem;margin-left:2.1rem\" class=\"wp-block-list\">\n<li>Consiste en el acompa\u00f1amiento cercano del creyente en el caminar de la vida. Se realiza con el uso de la Escritura y Oraci\u00f3n bajo la gu\u00eda del Esp\u00edritu Santo.<\/li>\n\n\n\n<li>La consejer\u00eda B\u00edblica utiliza la teolog\u00eda Cristiana. Sus principios favorecen la afirmaci\u00f3n de la esperanza en Cristo. El cambio lo da el Esp\u00edritu Santo a trav\u00e9s de la relaci\u00f3n personal con Jes\u00fas. Dios mismo es el \u00fanico capaz de cambiar el \u201ccoraz\u00f3n\u201d del ser humano.<\/li>\n\n\n\n<li>Un Consejero B\u00edblico es otro ser humano con imperfecciones que acude al Esp\u00edritu Santo para guiar a otros. Un Consejero est\u00e1 llamado a dar lo mejor en todo para glorificar a Dios.<\/li>\n<\/ul>\n\n\n\n<div style=\"height:1px\" aria-hidden=\"true\" class=\"wp-block-spacer\"><\/div>\n<\/div>\n<\/div>\n\n\n\n<div style=\"height:15px\" aria-hidden=\"true\" class=\"wp-block-spacer\"><\/div>\n\n\n\n<h2 class=\"wp-block-heading alignwide ticss-0da53433\" id=\"CONTACT\">Mensajes<\/h2>\n\n\n\n<div class=\"wp-block-columns is-layout-flex wp-container-core-columns-is-layout-28f84493 wp-block-columns-is-layout-flex\">\n<div class=\"wp-block-column ticss-b8416625 has-secondary-background-color has-background is-layout-flow wp-block-column-is-layout-flow\" style=\"padding-right:var(--wp--preset--spacing--60);padding-left:var(--wp--preset--spacing--60)\">\n<div style=\"height:1px\" aria-hidden=\"true\" class=\"wp-block-spacer\"><\/div>\n\n\n\n<p class=\"has-foreground-color has-text-color has-link-color wp-elements-925bd57b85c1c0dfc5cbf3d1894c20be\" style=\"padding-top:1%;padding-right:var(--wp--preset--spacing--30);padding-bottom:1%;padding-left:var(--wp--preset--spacing--30)\">\u00bfNo est\u00e1s seguro de qu\u00e9 es lo mejor para ti? Env\u00edame un mensaje a trav\u00e9s de Psychology Today.<\/p>\n\n\n\n<div class=\"wp-block-buttons is-content-justification-center is-layout-flex wp-container-core-buttons-is-layout-a89b3969 wp-block-buttons-is-layout-flex\">\n<div class=\"wp-block-button has-custom-width wp-block-button__width-75\"><a class=\"wp-block-button__link wp-element-button\" href=\"https:\/\/www.psychologytoday.com\/ca\/therapists\/ana-medina-north-york-on\/1343002\" rel=\"https:\/\/www.psychologytoday.com\/ca\/therapists\/ana-medina-north-york-on\/1343002\">VISITAR PERFIL<\/a><\/div>\n<\/div>\n\n\n\n<div style=\"height:1px\" aria-hidden=\"true\" class=\"wp-block-spacer\"><\/div>\n<\/div>\n<\/div>\n\n\n\n<p><\/p>\n","protected":false},"excerpt":{"rendered":"<p>BELIEVE COUNSEL Experiencia y especializaci\u00f3n en salud mental familiar, infantil y femenina. C\u00e1lido, respetuoso, resiliente \u00a1Separa tu C\u00edta Hoy! Conoce a la Dra. Ana Medina medica psiquiatra, psicoterapeuta y consejera b\u00edblica Registro Colombia # 52180931 Como una firme defensora de la unidad familiar, Ana celebra sus 25 a\u00f1os de matrimonio, el cumplimiento de su rol [&hellip;]<\/p>\n","protected":false},"author":2,"featured_media":0,"parent":0,"menu_order":0,"comment_status":"closed","ping_status":"closed","template":"wp-custom-template-pages-fw","meta":{"footnotes":""},"class_list":["post-7","page","type-page","status-publish","hentry"],"_links":{"self":[{"href":"https:\/\/believecounsel.com\/es\/wp-json\/wp\/v2\/pages\/7","targetHints":{"allow":["GET"]}}],"collection":[{"href":"https:\/\/believecounsel.com\/es\/wp-json\/wp\/v2\/pages"}],"about":[{"href":"https:\/\/believecounsel.com\/es\/wp-json\/wp\/v2\/types\/page"}],"author":[{"embeddable":true,"href":"https:\/\/believecounsel.com\/es\/wp-json\/wp\/v2\/users\/2"}],"replies":[{"embeddable":true,"href":"https:\/\/believecounsel.com\/es\/wp-json\/wp\/v2\/comments?post=7"}],"version-history":[{"count":87,"href":"https:\/\/believecounsel.com\/es\/wp-json\/wp\/v2\/pages\/7\/revisions"}],"predecessor-version":[{"id":272,"href":"https:\/\/believecounsel.com\/es\/wp-json\/wp\/v2\/pages\/7\/revisions\/272"}],"wp:attachment":[{"href":"https:\/\/believecounsel.com\/es\/wp-json\/wp\/v2\/media?parent=7"}],"curies":[{"name":"wp","href":"https:\/\/api.w.org\/{rel}","templated":true}]}}